{"id":1762,"date":"2024-05-08T06:29:18","date_gmt":"2024-05-08T06:29:18","guid":{"rendered":"https:\/\/gasthofwieser.muwit.net\/impressum\/"},"modified":"2024-10-21T11:16:17","modified_gmt":"2024-10-21T11:16:17","slug":"impressum","status":"publish","type":"page","link":"https:\/\/www.gasthofwieser.it\/it\/impressum\/","title":{"rendered":"Impressum"},"content":{"rendered":"\t\t<div data-elementor-type=\"wp-page\" data-elementor-id=\"1762\" class=\"elementor elementor-1762 elementor-1028\" data-elementor-post-type=\"page\">\n\t\t\t\t<div class=\"elementor-element elementor-element-2374433 e-con-full e-flex e-con e-parent\" data-id=\"2374433\" data-element_type=\"container\">\n\t\t<div class=\"elementor-element elementor-element-95d07ab e-con-full p-b-l p-i-m p-bt-m e-flex e-con e-child\" data-id=\"95d07ab\" data-element_type=\"container\">\n\t\t\t\t<div class=\"elementor-element elementor-element-b2f4a08 elementor-widget elementor-widget-heading\" data-id=\"b2f4a08\" data-element_type=\"widget\" data-widget_type=\"heading.default\">\n\t\t\t\t<div class=\"elementor-widget-container\">\n\t\t\t\t\t<h1 class=\"elementor-heading-title elementor-size-default\">Impressum<\/h1>\t\t\t\t<\/div>\n\t\t\t\t<\/div>\n\t\t\t\t<div class=\"elementor-element elementor-element-e3bbf8f p-b-s elementor-widget elementor-widget-text-editor\" data-id=\"e3bbf8f\" data-element_type=\"widget\" data-widget_type=\"text-editor.default\">\n\t\t\t\t<div class=\"elementor-widget-container\">\n\t\t\t\t\t\t\t\t\t<div class=\"imprpriv\"><p><strong>Gasthof Wieser<\/strong><br \/>Dorf 45<br \/>39050 Petersberg\/Deutschnofen<br \/><a href=\"tel:+39 0471 615152\">+39 0471 615152<\/a><br \/><a href=\"mailto:info@gasthofwieser.it\">info@gasthofwieser.it<\/a><\/p><p>Empf\u00e4ngercodex: 41SRGBH<br \/><a href=\"https:\/\/www.gasthofwieser.it\">www.gasthofwieser.it<\/a><br \/>MwSt. Nr. 01578930214<br \/>St. Nr. 01578930214<\/p><p>Handelskammer Bozen<br \/>Eintragungsnummer im Handelsregister: FEHLT<br \/>REA Nummer: FEHLT<\/p><p>CIN: IT021059A1OMCPQGBQ<\/p><p>Gesetzlicher Vertreter: Theresia Wieser &amp; Sara Zanetti<\/p><p><strong>Quellenangaben f\u00fcr die verwendeten Bilder und Grafiken<\/strong><\/p><ul><li>TV Obereggen<\/li><li>Eggental Tourismus Gen.\/Harald Wisthaler<\/li><li>Eggental Tourismus Gen.\/PH. F Tech<\/li><li>Eggental Tourismus Gen.\/Herlmut Rier<\/li><li>Eggental Tourismus Gen.\/Alex Moling<\/li><li>Eggental Tourismus &#8211; Stoyteller Labs<\/li><li>Eggental Tourismus Gen.\/G\u00fcnther Pichler<\/li><li>Eggental Tourismus Gen.\/Alfred Tschager<\/li><li>Eggental Tourismus Gen.\/Museum Steinegg<\/li><li>Eggental Tourismus Gen.\/Jens Staudt<\/li><li>Eggental Tourismus Gen.\/Ivan Goller<\/li><li>Eggental Tourismus Gen.\/Armin Mair<\/li><li>Eggental Tourismus Gen.\/Thomas Monsorno<\/li><li>Eggental Tourismus Gen.\/Othmar Seehauser<\/li><li>Eggental Tourismus Gen.\/Tiberio Sorvillo<\/li><li>Eggental Tourismus Gen.\/Paolo Codeluppi<\/li><li>Eggental Tourismus Gen.\/Roberto Brazzoduro<\/li><li>Eggental Tourismus Gen.\/Thomas Ondertoller<\/li><li>IDM S\u00fcdtirol-Alto Adige\/Patrick Schwienbacher<\/li><li>IDM S\u00fcdtirol-Alto Adige\/Manuel Kottersteger<\/li><li>IDM\/S\u00fcdtiroler Apfelkonsortium\/Patrick Schwienbacher<\/li><li>IDM S\u00fcdtirol-Alto Adige\/Alex Filz<\/li><li>IDM S\u00fcdtirol-Alto Adige\/Henryk Berlet<\/li><li>IDM S\u00fcdtirol-Alto Adige\/Andreas Mierswa<\/li><li>IDM S\u00fcdtirol-Alto Adige\/Matt Cherubino<\/li><li>Pixabay Erich Westendarp<\/li><li>Pixabay Ilone Ily\u00e9s<\/li><li>Pixabay Hans-Joachim M\u00fcller-le Plat<\/li><li>Hannes Niederkofler<\/li><\/ul><p><strong><br \/>Streitbeilegung<br \/><\/strong>Pflichtinformation nach EU-Verordnung Nr. 524\/2013 des Europ\u00e4ischen Parlaments und Rats Plattform zur Online-Beilegung verbraucherrechtlicher Streitigkeiten (ODR) der Europ\u00e4ischen Kommission: <a href=\"http:\/\/ec.europa.eu\/consumers\/odr\/\" target=\"_blank\" rel=\"noopener\">http:\/\/ec.europa.eu\/consumers\/odr\/<\/a><\/p><p><strong>Verantwortlich f\u00fcr Konzeption &amp; Gestaltung \/ Umsetzung<\/strong><br \/>muwit der sandra stablum<br \/>Oberstadt 60<br \/>39043 Klausen (BZ)<br \/>Tel. <a href=\"tel:+39 347 1330206\">+39 347 1330206<\/a><br \/>MwSt. Nr. IT02730810211<br \/>St. Nr. STB SDR 88 A44 B160 S<br \/><a href=\"mailto:info@muwit.it\">info@muwit.it<\/a><br \/><a href=\"www.muwit.it\" target=\"_blank\" rel=\"noopener\">www.muwit.it<\/a><\/p><p><strong>Verantwortlich f\u00fcr den Inhalt:<br \/><\/strong><\/p><p><strong>Haftungsausschluss:<\/strong><br \/>Haftung f\u00fcr Inhalte<\/p><p>Die Inhalte unserer Seiten wurden mit gr\u00f6\u00dfter Sorgfalt erstellt, bearbeitet und \u00fcberpr\u00fcft. F\u00fcr die Richtigkeit, Qualit\u00e4t, Vollst\u00e4ndigkeit und Aktualit\u00e4t der Inhalte k\u00f6nnen wir jedoch keine Gew\u00e4hr \u00fcbernehmen, auch da m\u00f6glicherweise in der Zwischenzeit \u00c4nderungen eingetreten sein k\u00f6nnten. Haftungsanspr\u00fcche jeglicher Natur, welche durch die Nutzung der bereitgestellten Informationen oder durch fehlende und\/oder unvollst\u00e4ndige Informationen verursacht wurden, sind grunds\u00e4tzlich ausgeschlossen.<\/p><p><strong>Haftung f\u00fcr Links<\/strong><\/p><p>Unser Angebot enth\u00e4lt Links zu externen Webseiten Dritter, auf deren Inhalte wir keinen Einfluss nehmen k\u00f6nnen. Aus diesem Grund k\u00f6nnen wir in Bezug auf die Inhalte der verlinkten Webseiten auch keine Gew\u00e4hr, welcher Natur auch immer, \u00fcbernehmen. F\u00fcr die Inhalte der verlinkten Seiten ist ausschlie\u00dflich der jeweilige Anbieter oder Betreiber dieser Seiten verantwortlich.<\/p><p><strong>Urheberrecht<\/strong><\/p><p>S\u00e4mtliche durch die Firma MUWit d. Sandra Stablum und die Seitenbetreiber erstellten Inhalte und Werke auf dieser Webseite sind urheberrechtlich gesch\u00fctzt. Die Vervielf\u00e4ltigung, Bearbeitung, Verbreitung und jegliche Art der Verwertung, insbesondere kommerzieller Natur, au\u00dferhalb der Grenzen des Urheberrechtes sind strikt untersagt und bed\u00fcrfen jedenfalls der vorherigen schriftlichen Zustimmung des jeweiligen Autors bzw. Erstellers. Soweit die Inhalte auf dieser Seite nicht vom Betreiber erstellt wurden, werden die Urheberrechte Dritter beachtet. Insbesondere werden Inhalte Dritter als solche gekennzeichnet. Sollten Sie trotzdem auf eine Urheberrechtsverletzung aufmerksam werden, bitten wir um einen entsprechenden Hinweis. Bei Bekanntwerden von Rechtsverletzungen solcher Natur werden wir derartige Inhalte nat\u00fcrlich umgehend entfernen, \u00fcbernehmen diesbez\u00fcglich jedoch keinerlei Haftung.<\/p><\/div>\t\t\t\t\t\t\t\t<\/div>\n\t\t\t\t<\/div>\n\t\t\t\t<\/div>\n\t\t\t\t<\/div>\n\t\t\t\t<\/div>\n\t\t","protected":false},"excerpt":{"rendered":"<p>Impressum Gasthof WieserDorf 4539050 Petersberg\/Deutschnofen+39 0471 615152info@gasthofwieser.it Empf\u00e4ngercodex: 41SRGBHwww.gasthofwieser.itMwSt. Nr. 01578930214St. Nr. 01578930214 Handelskammer BozenEintragungsnummer im Handelsregister: FEHLTREA Nummer: FEHLT CIN: IT021059A1OMCPQGBQ Gesetzlicher Vertreter: Theresia Wieser &amp; Sara Zanetti Quellenangaben f\u00fcr die verwendeten Bilder und Grafiken TV Obereggen Eggental Tourismus Gen.\/Harald Wisthaler Eggental Tourismus Gen.\/PH. F Tech Eggental Tourismus Gen.\/Herlmut Rier Eggental Tourismus Gen.\/Alex Moling [&hellip;]<\/p>\n","protected":false},"author":1,"featured_media":0,"parent":0,"menu_order":0,"comment_status":"closed","ping_status":"closed","template":"","meta":{"footnotes":""},"class_list":["post-1762","page","type-page","status-publish","hentry"],"yoast_head":"<!-- This site is optimized with the Yoast SEO plugin v25.1 - https:\/\/yoast.com\/wordpress\/plugins\/seo\/ -->\n<title>Impressum<\/title>\n<meta name=\"description\" content=\"Impressum\" \/>\n<meta name=\"robots\" content=\"index, follow, max-snippet:-1, max-image-preview:large, max-video-preview:-1\" \/>\n<link rel=\"canonical\" href=\"https:\/\/www.gasthofwieser.it\/it\/impressum\/\" \/>\n<meta property=\"og:locale\" content=\"it_IT\" \/>\n<meta property=\"og:type\" content=\"article\" \/>\n<meta property=\"og:title\" content=\"Impressum\" \/>\n<meta property=\"og:description\" content=\"Impressum\" \/>\n<meta property=\"og:url\" content=\"https:\/\/www.gasthofwieser.it\/it\/impressum\/\" \/>\n<meta property=\"og:site_name\" content=\"Gasthof Wieser\" \/>\n<meta property=\"article:modified_time\" content=\"2024-10-21T11:16:17+00:00\" \/>\n<meta name=\"twitter:card\" content=\"summary_large_image\" \/>\n<meta name=\"twitter:label1\" content=\"Tempo di lettura stimato\" \/>\n\t<meta name=\"twitter:data1\" content=\"3 minuti\" \/>\n<script type=\"application\/ld+json\" class=\"yoast-schema-graph\">{\"@context\":\"https:\/\/schema.org\",\"@graph\":[{\"@type\":\"WebPage\",\"@id\":\"https:\/\/www.gasthofwieser.it\/it\/impressum\/\",\"url\":\"https:\/\/www.gasthofwieser.it\/it\/impressum\/\",\"name\":\"Impressum\",\"isPartOf\":{\"@id\":\"https:\/\/www.gasthofwieser.it\/it\/#website\"},\"datePublished\":\"2024-05-08T06:29:18+00:00\",\"dateModified\":\"2024-10-21T11:16:17+00:00\",\"description\":\"Impressum\",\"breadcrumb\":{\"@id\":\"https:\/\/www.gasthofwieser.it\/it\/impressum\/#breadcrumb\"},\"inLanguage\":\"it-IT\",\"potentialAction\":[{\"@type\":\"ReadAction\",\"target\":[\"https:\/\/www.gasthofwieser.it\/it\/impressum\/\"]}]},{\"@type\":\"BreadcrumbList\",\"@id\":\"https:\/\/www.gasthofwieser.it\/it\/impressum\/#breadcrumb\",\"itemListElement\":[{\"@type\":\"ListItem\",\"position\":1,\"name\":\"Startseite\",\"item\":\"https:\/\/www.gasthofwieser.it\/it\/\"},{\"@type\":\"ListItem\",\"position\":2,\"name\":\"Impressum\"}]},{\"@type\":\"WebSite\",\"@id\":\"https:\/\/www.gasthofwieser.it\/it\/#website\",\"url\":\"https:\/\/www.gasthofwieser.it\/it\/\",\"name\":\"Gasthof Wieser\",\"description\":\"\",\"publisher\":{\"@id\":\"https:\/\/www.gasthofwieser.it\/it\/#organization\"},\"potentialAction\":[{\"@type\":\"SearchAction\",\"target\":{\"@type\":\"EntryPoint\",\"urlTemplate\":\"https:\/\/www.gasthofwieser.it\/it\/?s={search_term_string}\"},\"query-input\":{\"@type\":\"PropertyValueSpecification\",\"valueRequired\":true,\"valueName\":\"search_term_string\"}}],\"inLanguage\":\"it-IT\"},{\"@type\":\"Organization\",\"@id\":\"https:\/\/www.gasthofwieser.it\/it\/#organization\",\"name\":\"Gasthof Wieser\",\"url\":\"https:\/\/www.gasthofwieser.it\/it\/\",\"logo\":{\"@type\":\"ImageObject\",\"inLanguage\":\"it-IT\",\"@id\":\"https:\/\/www.gasthofwieser.it\/it\/#\/schema\/logo\/image\/\",\"url\":\"https:\/\/www.gasthofwieser.it\/wp-content\/uploads\/2024\/04\/Gruppe-2540.svg\",\"contentUrl\":\"https:\/\/www.gasthofwieser.it\/wp-content\/uploads\/2024\/04\/Gruppe-2540.svg\",\"width\":197,\"height\":63,\"caption\":\"Gasthof Wieser\"},\"image\":{\"@id\":\"https:\/\/www.gasthofwieser.it\/it\/#\/schema\/logo\/image\/\"}}]}<\/script>\n<!-- \/ Yoast SEO plugin. -->","yoast_head_json":{"title":"Impressum","description":"Impressum","robots":{"index":"index","follow":"follow","max-snippet":"max-snippet:-1","max-image-preview":"max-image-preview:large","max-video-preview":"max-video-preview:-1"},"canonical":"https:\/\/www.gasthofwieser.it\/it\/impressum\/","og_locale":"it_IT","og_type":"article","og_title":"Impressum","og_description":"Impressum","og_url":"https:\/\/www.gasthofwieser.it\/it\/impressum\/","og_site_name":"Gasthof Wieser","article_modified_time":"2024-10-21T11:16:17+00:00","twitter_card":"summary_large_image","twitter_misc":{"Tempo di lettura stimato":"3 minuti"},"schema":{"@context":"https:\/\/schema.org","@graph":[{"@type":"WebPage","@id":"https:\/\/www.gasthofwieser.it\/it\/impressum\/","url":"https:\/\/www.gasthofwieser.it\/it\/impressum\/","name":"Impressum","isPartOf":{"@id":"https:\/\/www.gasthofwieser.it\/it\/#website"},"datePublished":"2024-05-08T06:29:18+00:00","dateModified":"2024-10-21T11:16:17+00:00","description":"Impressum","breadcrumb":{"@id":"https:\/\/www.gasthofwieser.it\/it\/impressum\/#breadcrumb"},"inLanguage":"it-IT","potentialAction":[{"@type":"ReadAction","target":["https:\/\/www.gasthofwieser.it\/it\/impressum\/"]}]},{"@type":"BreadcrumbList","@id":"https:\/\/www.gasthofwieser.it\/it\/impressum\/#breadcrumb","itemListElement":[{"@type":"ListItem","position":1,"name":"Startseite","item":"https:\/\/www.gasthofwieser.it\/it\/"},{"@type":"ListItem","position":2,"name":"Impressum"}]},{"@type":"WebSite","@id":"https:\/\/www.gasthofwieser.it\/it\/#website","url":"https:\/\/www.gasthofwieser.it\/it\/","name":"Gasthof Wieser","description":"","publisher":{"@id":"https:\/\/www.gasthofwieser.it\/it\/#organization"},"potentialAction":[{"@type":"SearchAction","target":{"@type":"EntryPoint","urlTemplate":"https:\/\/www.gasthofwieser.it\/it\/?s={search_term_string}"},"query-input":{"@type":"PropertyValueSpecification","valueRequired":true,"valueName":"search_term_string"}}],"inLanguage":"it-IT"},{"@type":"Organization","@id":"https:\/\/www.gasthofwieser.it\/it\/#organization","name":"Gasthof Wieser","url":"https:\/\/www.gasthofwieser.it\/it\/","logo":{"@type":"ImageObject","inLanguage":"it-IT","@id":"https:\/\/www.gasthofwieser.it\/it\/#\/schema\/logo\/image\/","url":"https:\/\/www.gasthofwieser.it\/wp-content\/uploads\/2024\/04\/Gruppe-2540.svg","contentUrl":"https:\/\/www.gasthofwieser.it\/wp-content\/uploads\/2024\/04\/Gruppe-2540.svg","width":197,"height":63,"caption":"Gasthof Wieser"},"image":{"@id":"https:\/\/www.gasthofwieser.it\/it\/#\/schema\/logo\/image\/"}}]}},"_links":{"self":[{"href":"https:\/\/www.gasthofwieser.it\/it\/wp-json\/wp\/v2\/pages\/1762","targetHints":{"allow":["GET"]}}],"collection":[{"href":"https:\/\/www.gasthofwieser.it\/it\/wp-json\/wp\/v2\/pages"}],"about":[{"href":"https:\/\/www.gasthofwieser.it\/it\/wp-json\/wp\/v2\/types\/page"}],"author":[{"embeddable":true,"href":"https:\/\/www.gasthofwieser.it\/it\/wp-json\/wp\/v2\/users\/1"}],"replies":[{"embeddable":true,"href":"https:\/\/www.gasthofwieser.it\/it\/wp-json\/wp\/v2\/comments?post=1762"}],"version-history":[{"count":9,"href":"https:\/\/www.gasthofwieser.it\/it\/wp-json\/wp\/v2\/pages\/1762\/revisions"}],"predecessor-version":[{"id":2280,"href":"https:\/\/www.gasthofwieser.it\/it\/wp-json\/wp\/v2\/pages\/1762\/revisions\/2280"}],"wp:attachment":[{"href":"https:\/\/www.gasthofwieser.it\/it\/wp-json\/wp\/v2\/media?parent=1762"}],"curies":[{"name":"wp","href":"https:\/\/api.w.org\/{rel}","templated":true}]}}